{"id":3760,"date":"2019-03-09T22:00:47","date_gmt":"2019-03-09T21:00:47","guid":{"rendered":"http:\/\/urbefoto.com\/?page_id=3760"},"modified":"2024-10-07T08:41:34","modified_gmt":"2024-10-07T06:41:34","slug":"parajes-monocromaticos","status":"publish","type":"page","link":"https:\/\/urbefoto.com\/?page_id=3760","title":{"rendered":"Parajes monocrom\u00e1ticos"},"content":{"rendered":"\n<p>Espacios ba\u00f1ados por luz y sombra. \u00c1rboles, ra\u00edces y ramas en contraste con el cielo y la tierra. Lugares cerrados, sin apenas acceso para los curiosos. Parajes estacionales que s\u00f3lo podemos disfrutar durante un corto espacio de tiempo. <\/p>\n\n\n\n<div style=\"height:20px\" aria-hidden=\"true\" class=\"wp-block-spacer\"><\/div>\n\n\n\n<figure class=\"wp-block-gallery has-nested-images columns-2 is-cropped wp-block-gallery-1 is-layout-flex wp-block-gallery-is-layout-flex\">\n<figure class=\"wp-block-image size-full\"><a href=\"https:\/\/urbefoto.com\/wp-content\/uploads\/2019\/03\/MG_3544-como-objeto-inteligente-1.jpg\"><img loading=\"lazy\" decoding=\"async\" width=\"1000\" height=\"667\" data-id=\"3789\" src=\"https:\/\/urbefoto.com\/wp-content\/uploads\/2019\/03\/MG_3544-como-objeto-inteligente-1.jpg\" alt=\"\" class=\"wp-image-3789\" srcset=\"https:\/\/urbefoto.com\/wp-content\/uploads\/2019\/03\/MG_3544-como-objeto-inteligente-1.jpg 1000w, https:\/\/urbefoto.com\/wp-content\/uploads\/2019\/03\/MG_3544-como-objeto-inteligente-1-200x133.jpg 200w, https:\/\/urbefoto.com\/wp-content\/uploads\/2019\/03\/MG_3544-como-objeto-inteligente-1-600x400.jpg 600w, https:\/\/urbefoto.com\/wp-content\/uploads\/2019\/03\/MG_3544-como-objeto-inteligente-1-768x512.jpg 768w, https:\/\/urbefoto.com\/wp-content\/uploads\/2019\/03\/MG_3544-como-objeto-inteligente-1-830x554.jpg 830w, https:\/\/urbefoto.com\/wp-content\/uploads\/2019\/03\/MG_3544-como-objeto-inteligente-1-675x450.jpg 675w\" sizes=\"auto, (max-width: 1000px) 100vw, 1000px\" \/><\/a><\/figure>\n\n\n\n<figure class=\"wp-block-image size-full\"><a href=\"https:\/\/urbefoto.com\/wp-content\/uploads\/2019\/03\/Padre-Ignacio-Ellacur\u00eda.jpg\"><img loading=\"lazy\" decoding=\"async\" width=\"1000\" height=\"667\" data-id=\"3765\" src=\"https:\/\/urbefoto.com\/wp-content\/uploads\/2019\/03\/Padre-Ignacio-Ellacur\u00eda.jpg\" alt=\"\" class=\"wp-image-3765\" srcset=\"https:\/\/urbefoto.com\/wp-content\/uploads\/2019\/03\/Padre-Ignacio-Ellacur\u00eda.jpg 1000w, https:\/\/urbefoto.com\/wp-content\/uploads\/2019\/03\/Padre-Ignacio-Ellacur\u00eda-200x133.jpg 200w, https:\/\/urbefoto.com\/wp-content\/uploads\/2019\/03\/Padre-Ignacio-Ellacur\u00eda-600x400.jpg 600w, https:\/\/urbefoto.com\/wp-content\/uploads\/2019\/03\/Padre-Ignacio-Ellacur\u00eda-768x512.jpg 768w, https:\/\/urbefoto.com\/wp-content\/uploads\/2019\/03\/Padre-Ignacio-Ellacur\u00eda-830x554.jpg 830w, https:\/\/urbefoto.com\/wp-content\/uploads\/2019\/03\/Padre-Ignacio-Ellacur\u00eda-675x450.jpg 675w\" sizes=\"auto, (max-width: 1000px) 100vw, 1000px\" \/><\/a><\/figure>\n\n\n\n<figure class=\"wp-block-image size-full\"><a href=\"https:\/\/urbefoto.com\/wp-content\/uploads\/2019\/03\/Soto-4.jpg\"><img loading=\"lazy\" decoding=\"async\" width=\"1000\" height=\"667\" data-id=\"3779\" src=\"https:\/\/urbefoto.com\/wp-content\/uploads\/2019\/03\/Soto-4.jpg\" alt=\"\" class=\"wp-image-3779\" srcset=\"https:\/\/urbefoto.com\/wp-content\/uploads\/2019\/03\/Soto-4.jpg 1000w, https:\/\/urbefoto.com\/wp-content\/uploads\/2019\/03\/Soto-4-200x133.jpg 200w, https:\/\/urbefoto.com\/wp-content\/uploads\/2019\/03\/Soto-4-600x400.jpg 600w, https:\/\/urbefoto.com\/wp-content\/uploads\/2019\/03\/Soto-4-768x512.jpg 768w, https:\/\/urbefoto.com\/wp-content\/uploads\/2019\/03\/Soto-4-830x554.jpg 830w, https:\/\/urbefoto.com\/wp-content\/uploads\/2019\/03\/Soto-4-675x450.jpg 675w\" sizes=\"auto, (max-width: 1000px) 100vw, 1000px\" \/><\/a><\/figure>\n\n\n\n<figure class=\"wp-block-image size-full\"><a href=\"https:\/\/urbefoto.com\/wp-content\/uploads\/2019\/03\/Soto-3.jpg\"><img loading=\"lazy\" decoding=\"async\" width=\"1000\" height=\"667\" data-id=\"3778\" src=\"https:\/\/urbefoto.com\/wp-content\/uploads\/2019\/03\/Soto-3.jpg\" alt=\"\" class=\"wp-image-3778\" srcset=\"https:\/\/urbefoto.com\/wp-content\/uploads\/2019\/03\/Soto-3.jpg 1000w, https:\/\/urbefoto.com\/wp-content\/uploads\/2019\/03\/Soto-3-200x133.jpg 200w, https:\/\/urbefoto.com\/wp-content\/uploads\/2019\/03\/Soto-3-600x400.jpg 600w, https:\/\/urbefoto.com\/wp-content\/uploads\/2019\/03\/Soto-3-768x512.jpg 768w, https:\/\/urbefoto.com\/wp-content\/uploads\/2019\/03\/Soto-3-830x554.jpg 830w, https:\/\/urbefoto.com\/wp-content\/uploads\/2019\/03\/Soto-3-675x450.jpg 675w\" sizes=\"auto, (max-width: 1000px) 100vw, 1000px\" \/><\/a><\/figure>\n\n\n\n<figure class=\"wp-block-image size-full\"><a href=\"https:\/\/urbefoto.com\/wp-content\/uploads\/2019\/03\/Soto-2.jpg\"><img loading=\"lazy\" decoding=\"async\" width=\"1000\" height=\"667\" data-id=\"3777\" src=\"https:\/\/urbefoto.com\/wp-content\/uploads\/2019\/03\/Soto-2.jpg\" alt=\"\" class=\"wp-image-3777\" srcset=\"https:\/\/urbefoto.com\/wp-content\/uploads\/2019\/03\/Soto-2.jpg 1000w, https:\/\/urbefoto.com\/wp-content\/uploads\/2019\/03\/Soto-2-200x133.jpg 200w, https:\/\/urbefoto.com\/wp-content\/uploads\/2019\/03\/Soto-2-600x400.jpg 600w, https:\/\/urbefoto.com\/wp-content\/uploads\/2019\/03\/Soto-2-768x512.jpg 768w, https:\/\/urbefoto.com\/wp-content\/uploads\/2019\/03\/Soto-2-830x554.jpg 830w, https:\/\/urbefoto.com\/wp-content\/uploads\/2019\/03\/Soto-2-675x450.jpg 675w\" sizes=\"auto, (max-width: 1000px) 100vw, 1000px\" \/><\/a><\/figure>\n\n\n\n<figure class=\"wp-block-image size-full\"><a href=\"https:\/\/urbefoto.com\/wp-content\/uploads\/2019\/03\/Soto-5.jpg\"><img loading=\"lazy\" decoding=\"async\" width=\"1000\" height=\"667\" data-id=\"3780\" src=\"https:\/\/urbefoto.com\/wp-content\/uploads\/2019\/03\/Soto-5.jpg\" alt=\"\" class=\"wp-image-3780\" srcset=\"https:\/\/urbefoto.com\/wp-content\/uploads\/2019\/03\/Soto-5.jpg 1000w, https:\/\/urbefoto.com\/wp-content\/uploads\/2019\/03\/Soto-5-200x133.jpg 200w, https:\/\/urbefoto.com\/wp-content\/uploads\/2019\/03\/Soto-5-600x400.jpg 600w, https:\/\/urbefoto.com\/wp-content\/uploads\/2019\/03\/Soto-5-768x512.jpg 768w, https:\/\/urbefoto.com\/wp-content\/uploads\/2019\/03\/Soto-5-830x554.jpg 830w, https:\/\/urbefoto.com\/wp-content\/uploads\/2019\/03\/Soto-5-675x450.jpg 675w\" sizes=\"auto, (max-width: 1000px) 100vw, 1000px\" \/><\/a><\/figure>\n\n\n\n<figure class=\"wp-block-image size-full\"><a href=\"https:\/\/urbefoto.com\/wp-content\/uploads\/2019\/03\/Soto.jpg\"><img loading=\"lazy\" decoding=\"async\" width=\"1000\" height=\"667\" data-id=\"3766\" src=\"https:\/\/urbefoto.com\/wp-content\/uploads\/2019\/03\/Soto.jpg\" alt=\"\" class=\"wp-image-3766\" srcset=\"https:\/\/urbefoto.com\/wp-content\/uploads\/2019\/03\/Soto.jpg 1000w, https:\/\/urbefoto.com\/wp-content\/uploads\/2019\/03\/Soto-200x133.jpg 200w, https:\/\/urbefoto.com\/wp-content\/uploads\/2019\/03\/Soto-600x400.jpg 600w, https:\/\/urbefoto.com\/wp-content\/uploads\/2019\/03\/Soto-768x512.jpg 768w, https:\/\/urbefoto.com\/wp-content\/uploads\/2019\/03\/Soto-830x554.jpg 830w, https:\/\/urbefoto.com\/wp-content\/uploads\/2019\/03\/Soto-675x450.jpg 675w\" sizes=\"auto, (max-width: 1000px) 100vw, 1000px\" \/><\/a><\/figure>\n\n\n\n<figure class=\"wp-block-image size-full\"><a href=\"https:\/\/urbefoto.com\/wp-content\/uploads\/2019\/03\/Rotonda-iman.jpg\"><img loading=\"lazy\" decoding=\"async\" width=\"1000\" height=\"667\" data-id=\"3783\" src=\"https:\/\/urbefoto.com\/wp-content\/uploads\/2019\/03\/Rotonda-iman.jpg\" alt=\"\" class=\"wp-image-3783\" srcset=\"https:\/\/urbefoto.com\/wp-content\/uploads\/2019\/03\/Rotonda-iman.jpg 1000w, https:\/\/urbefoto.com\/wp-content\/uploads\/2019\/03\/Rotonda-iman-200x133.jpg 200w, https:\/\/urbefoto.com\/wp-content\/uploads\/2019\/03\/Rotonda-iman-600x400.jpg 600w, https:\/\/urbefoto.com\/wp-content\/uploads\/2019\/03\/Rotonda-iman-768x512.jpg 768w, https:\/\/urbefoto.com\/wp-content\/uploads\/2019\/03\/Rotonda-iman-830x554.jpg 830w, https:\/\/urbefoto.com\/wp-content\/uploads\/2019\/03\/Rotonda-iman-675x450.jpg 675w\" sizes=\"auto, (max-width: 1000px) 100vw, 1000px\" \/><\/a><\/figure>\n\n\n\n<figure class=\"wp-block-image size-full\"><a href=\"https:\/\/urbefoto.com\/wp-content\/uploads\/2019\/03\/Soto-7.jpg\"><img loading=\"lazy\" decoding=\"async\" width=\"1000\" height=\"667\" data-id=\"3786\" src=\"https:\/\/urbefoto.com\/wp-content\/uploads\/2019\/03\/Soto-7.jpg\" alt=\"\" class=\"wp-image-3786\" srcset=\"https:\/\/urbefoto.com\/wp-content\/uploads\/2019\/03\/Soto-7.jpg 1000w, https:\/\/urbefoto.com\/wp-content\/uploads\/2019\/03\/Soto-7-200x133.jpg 200w, https:\/\/urbefoto.com\/wp-content\/uploads\/2019\/03\/Soto-7-600x400.jpg 600w, https:\/\/urbefoto.com\/wp-content\/uploads\/2019\/03\/Soto-7-768x512.jpg 768w, https:\/\/urbefoto.com\/wp-content\/uploads\/2019\/03\/Soto-7-830x554.jpg 830w, https:\/\/urbefoto.com\/wp-content\/uploads\/2019\/03\/Soto-7-675x450.jpg 675w\" sizes=\"auto, (max-width: 1000px) 100vw, 1000px\" \/><\/a><\/figure>\n\n\n\n<figure class=\"wp-block-image size-full\"><a href=\"https:\/\/urbefoto.com\/wp-content\/uploads\/2019\/03\/Soto-6.jpg\"><img loading=\"lazy\" decoding=\"async\" width=\"1000\" height=\"667\" data-id=\"3785\" src=\"https:\/\/urbefoto.com\/wp-content\/uploads\/2019\/03\/Soto-6.jpg\" alt=\"\" class=\"wp-image-3785\" srcset=\"https:\/\/urbefoto.com\/wp-content\/uploads\/2019\/03\/Soto-6.jpg 1000w, https:\/\/urbefoto.com\/wp-content\/uploads\/2019\/03\/Soto-6-200x133.jpg 200w, https:\/\/urbefoto.com\/wp-content\/uploads\/2019\/03\/Soto-6-600x400.jpg 600w, https:\/\/urbefoto.com\/wp-content\/uploads\/2019\/03\/Soto-6-768x512.jpg 768w, https:\/\/urbefoto.com\/wp-content\/uploads\/2019\/03\/Soto-6-830x554.jpg 830w, https:\/\/urbefoto.com\/wp-content\/uploads\/2019\/03\/Soto-6-675x450.jpg 675w\" sizes=\"auto, (max-width: 1000px) 100vw, 1000px\" \/><\/a><\/figure>\n\n\n\n<figure class=\"wp-block-image size-full\"><a href=\"https:\/\/urbefoto.com\/wp-content\/uploads\/2019\/03\/monocromatico.jpg\"><img loading=\"lazy\" decoding=\"async\" width=\"1000\" height=\"666\" data-id=\"3803\" src=\"https:\/\/urbefoto.com\/wp-content\/uploads\/2019\/03\/monocromatico.jpg\" alt=\"\" class=\"wp-image-3803\" srcset=\"https:\/\/urbefoto.com\/wp-content\/uploads\/2019\/03\/monocromatico.jpg 1000w, https:\/\/urbefoto.com\/wp-content\/uploads\/2019\/03\/monocromatico-200x133.jpg 200w, https:\/\/urbefoto.com\/wp-content\/uploads\/2019\/03\/monocromatico-600x400.jpg 600w, https:\/\/urbefoto.com\/wp-content\/uploads\/2019\/03\/monocromatico-768x511.jpg 768w, https:\/\/urbefoto.com\/wp-content\/uploads\/2019\/03\/monocromatico-830x553.jpg 830w, https:\/\/urbefoto.com\/wp-content\/uploads\/2019\/03\/monocromatico-676x450.jpg 676w\" sizes=\"auto, (max-width: 1000px) 100vw, 1000px\" \/><\/a><\/figure>\n\n\n\n<figure class=\"wp-block-image size-full\"><a href=\"https:\/\/urbefoto.com\/wp-content\/uploads\/2019\/03\/Rotonda-iman-3.jpg\"><img loading=\"lazy\" decoding=\"async\" width=\"1000\" height=\"667\" data-id=\"3791\" src=\"https:\/\/urbefoto.com\/wp-content\/uploads\/2019\/03\/Rotonda-iman-3.jpg\" alt=\"\" class=\"wp-image-3791\" srcset=\"https:\/\/urbefoto.com\/wp-content\/uploads\/2019\/03\/Rotonda-iman-3.jpg 1000w, https:\/\/urbefoto.com\/wp-content\/uploads\/2019\/03\/Rotonda-iman-3-200x133.jpg 200w, https:\/\/urbefoto.com\/wp-content\/uploads\/2019\/03\/Rotonda-iman-3-600x400.jpg 600w, https:\/\/urbefoto.com\/wp-content\/uploads\/2019\/03\/Rotonda-iman-3-768x512.jpg 768w, https:\/\/urbefoto.com\/wp-content\/uploads\/2019\/03\/Rotonda-iman-3-830x554.jpg 830w, https:\/\/urbefoto.com\/wp-content\/uploads\/2019\/03\/Rotonda-iman-3-675x450.jpg 675w\" sizes=\"auto, (max-width: 1000px) 100vw, 1000px\" \/><\/a><\/figure>\n\n\n\n<figure class=\"wp-block-image size-full\"><a href=\"https:\/\/urbefoto.com\/wp-content\/uploads\/2019\/03\/MG_6103-1.jpg\"><img loading=\"lazy\" decoding=\"async\" width=\"1000\" height=\"667\" data-id=\"3807\" src=\"https:\/\/urbefoto.com\/wp-content\/uploads\/2019\/03\/MG_6103-1.jpg\" alt=\"\" class=\"wp-image-3807\" srcset=\"https:\/\/urbefoto.com\/wp-content\/uploads\/2019\/03\/MG_6103-1.jpg 1000w, https:\/\/urbefoto.com\/wp-content\/uploads\/2019\/03\/MG_6103-1-200x133.jpg 200w, https:\/\/urbefoto.com\/wp-content\/uploads\/2019\/03\/MG_6103-1-600x400.jpg 600w, https:\/\/urbefoto.com\/wp-content\/uploads\/2019\/03\/MG_6103-1-768x512.jpg 768w, https:\/\/urbefoto.com\/wp-content\/uploads\/2019\/03\/MG_6103-1-830x554.jpg 830w, https:\/\/urbefoto.com\/wp-content\/uploads\/2019\/03\/MG_6103-1-675x450.jpg 675w\" sizes=\"auto, (max-width: 1000px) 100vw, 1000px\" \/><\/a><\/figure>\n\n\n\n<figure class=\"wp-block-image size-full\"><a href=\"https:\/\/urbefoto.com\/wp-content\/uploads\/2019\/03\/Aldehuela.jpg\"><img loading=\"lazy\" decoding=\"async\" width=\"1000\" height=\"667\" data-id=\"3810\" src=\"https:\/\/urbefoto.com\/wp-content\/uploads\/2019\/03\/Aldehuela.jpg\" alt=\"\" class=\"wp-image-3810\" srcset=\"https:\/\/urbefoto.com\/wp-content\/uploads\/2019\/03\/Aldehuela.jpg 1000w, https:\/\/urbefoto.com\/wp-content\/uploads\/2019\/03\/Aldehuela-200x133.jpg 200w, https:\/\/urbefoto.com\/wp-content\/uploads\/2019\/03\/Aldehuela-600x400.jpg 600w, https:\/\/urbefoto.com\/wp-content\/uploads\/2019\/03\/Aldehuela-768x512.jpg 768w, https:\/\/urbefoto.com\/wp-content\/uploads\/2019\/03\/Aldehuela-830x554.jpg 830w, https:\/\/urbefoto.com\/wp-content\/uploads\/2019\/03\/Aldehuela-675x450.jpg 675w\" sizes=\"auto, (max-width: 1000px) 100vw, 1000px\" \/><\/a><\/figure>\n\n\n\n<figure class=\"wp-block-image size-full\"><a href=\"https:\/\/urbefoto.com\/wp-content\/uploads\/2019\/03\/Mogarraz.jpg-BN.jpg\"><img loading=\"lazy\" decoding=\"async\" width=\"1000\" height=\"667\" data-id=\"3829\" src=\"https:\/\/urbefoto.com\/wp-content\/uploads\/2019\/03\/Mogarraz.jpg-BN.jpg\" alt=\"\" class=\"wp-image-3829\" srcset=\"https:\/\/urbefoto.com\/wp-content\/uploads\/2019\/03\/Mogarraz.jpg-BN.jpg 1000w, https:\/\/urbefoto.com\/wp-content\/uploads\/2019\/03\/Mogarraz.jpg-BN-200x133.jpg 200w, https:\/\/urbefoto.com\/wp-content\/uploads\/2019\/03\/Mogarraz.jpg-BN-600x400.jpg 600w, https:\/\/urbefoto.com\/wp-content\/uploads\/2019\/03\/Mogarraz.jpg-BN-768x512.jpg 768w, https:\/\/urbefoto.com\/wp-content\/uploads\/2019\/03\/Mogarraz.jpg-BN-830x554.jpg 830w, https:\/\/urbefoto.com\/wp-content\/uploads\/2019\/03\/Mogarraz.jpg-BN-675x450.jpg 675w\" sizes=\"auto, (max-width: 1000px) 100vw, 1000px\" \/><\/a><\/figure>\n\n\n\n<figure class=\"wp-block-image size-full\"><a href=\"https:\/\/urbefoto.com\/wp-content\/uploads\/2019\/03\/MG_6292-1.jpg\"><img loading=\"lazy\" decoding=\"async\" width=\"1000\" height=\"667\" data-id=\"3832\" src=\"https:\/\/urbefoto.com\/wp-content\/uploads\/2019\/03\/MG_6292-1.jpg\" alt=\"\" class=\"wp-image-3832\" srcset=\"https:\/\/urbefoto.com\/wp-content\/uploads\/2019\/03\/MG_6292-1.jpg 1000w, https:\/\/urbefoto.com\/wp-content\/uploads\/2019\/03\/MG_6292-1-200x133.jpg 200w, https:\/\/urbefoto.com\/wp-content\/uploads\/2019\/03\/MG_6292-1-600x400.jpg 600w, https:\/\/urbefoto.com\/wp-content\/uploads\/2019\/03\/MG_6292-1-768x512.jpg 768w, https:\/\/urbefoto.com\/wp-content\/uploads\/2019\/03\/MG_6292-1-830x554.jpg 830w, https:\/\/urbefoto.com\/wp-content\/uploads\/2019\/03\/MG_6292-1-675x450.jpg 675w\" sizes=\"auto, (max-width: 1000px) 100vw, 1000px\" \/><\/a><\/figure>\n\n\n\n<figure class=\"wp-block-image size-full\"><a href=\"https:\/\/urbefoto.com\/wp-content\/uploads\/2019\/03\/MG_6305-1.jpg\"><img loading=\"lazy\" decoding=\"async\" width=\"1000\" height=\"667\" data-id=\"3839\" src=\"https:\/\/urbefoto.com\/wp-content\/uploads\/2019\/03\/MG_6305-1.jpg\" alt=\"\" class=\"wp-image-3839\" srcset=\"https:\/\/urbefoto.com\/wp-content\/uploads\/2019\/03\/MG_6305-1.jpg 1000w, https:\/\/urbefoto.com\/wp-content\/uploads\/2019\/03\/MG_6305-1-200x133.jpg 200w, https:\/\/urbefoto.com\/wp-content\/uploads\/2019\/03\/MG_6305-1-600x400.jpg 600w, https:\/\/urbefoto.com\/wp-content\/uploads\/2019\/03\/MG_6305-1-768x512.jpg 768w, https:\/\/urbefoto.com\/wp-content\/uploads\/2019\/03\/MG_6305-1-830x554.jpg 830w, https:\/\/urbefoto.com\/wp-content\/uploads\/2019\/03\/MG_6305-1-675x450.jpg 675w\" sizes=\"auto, (max-width: 1000px) 100vw, 1000px\" \/><\/a><\/figure>\n<\/figure>\n\n\n\n<div style=\"height:40px\" aria-hidden=\"true\" class=\"wp-block-spacer\"><\/div>\n\n\n\n<p class=\"has-text-color has-background\" style=\"color:#777777;background-color:#ededed\">No se permite la reproducci\u00f3n, publicaci\u00f3n o reubicaci\u00f3n de ning\u00fan contenido de este sitio sin un permiso expreso previo por escrito. Por favor use el formulario de contacto para m\u00e1s informaci\u00f3n. <\/p>\n","protected":false},"excerpt":{"rendered":"<p>Espacios ba\u00f1ados por luz y sombra. \u00c1rboles, ra\u00edces y ramas en contraste con el cielo y la tierra. Lugares cerrados, sin apenas acceso para los curiosos. Parajes estacionales que s\u00f3lo podemos disfrutar durante un corto espacio de tiempo. No se permite la reproducci\u00f3n, publicaci\u00f3n o reubicaci\u00f3n de ning\u00fan contenido de este sitio sin un permiso expreso previo por escrito. Por favor use el formulario de contacto para m\u00e1s informaci\u00f3n.<\/p>\n","protected":false},"author":2,"featured_media":0,"parent":0,"menu_order":0,"comment_status":"closed","ping_status":"closed","template":"","meta":{"footnotes":""},"class_list":["post-3760","page","type-page","status-publish","hentry"],"_links":{"self":[{"href":"https:\/\/urbefoto.com\/index.php?rest_route=\/wp\/v2\/pages\/3760","targetHints":{"allow":["GET"]}}],"collection":[{"href":"https:\/\/urbefoto.com\/index.php?rest_route=\/wp\/v2\/pages"}],"about":[{"href":"https:\/\/urbefoto.com\/index.php?rest_route=\/wp\/v2\/types\/page"}],"author":[{"embeddable":true,"href":"https:\/\/urbefoto.com\/index.php?rest_route=\/wp\/v2\/users\/2"}],"replies":[{"embeddable":true,"href":"https:\/\/urbefoto.com\/index.php?rest_route=%2Fwp%2Fv2%2Fcomments&post=3760"}],"version-history":[{"count":28,"href":"https:\/\/urbefoto.com\/index.php?rest_route=\/wp\/v2\/pages\/3760\/revisions"}],"predecessor-version":[{"id":25400,"href":"https:\/\/urbefoto.com\/index.php?rest_route=\/wp\/v2\/pages\/3760\/revisions\/25400"}],"wp:attachment":[{"href":"https:\/\/urbefoto.com\/index.php?rest_route=%2Fwp%2Fv2%2Fmedia&parent=3760"}],"curies":[{"name":"wp","href":"https:\/\/api.w.org\/{rel}","templated":true}]}}