{"id":3584,"date":"2018-11-16T19:10:33","date_gmt":"2018-11-16T18:10:33","guid":{"rendered":"http:\/\/urbefoto.com\/?page_id=3584"},"modified":"2024-10-07T08:47:08","modified_gmt":"2024-10-07T06:47:08","slug":"entre-cielo-y-piedra","status":"publish","type":"page","link":"https:\/\/urbefoto.com\/?page_id=3584","title":{"rendered":"Entre cielo y piedra (Ruta de las cinco lagunas de Gredos)"},"content":{"rendered":"\n<p>Part\u00ed con mis dos compa\u00f1eros fot\u00f3grafos, Alberto Prieto y Javier Casta\u00f1o de <em>Navalperal de Tormes<\/em>. Fue una ruta de casi 30 km que decidimos hacer en dos d\u00edas para poder pasar dos noches al raso. La primera noche hicimos vivac bajo el <em>Risco del fraile,<\/em> frente al circo de Gredos. La segunda noche nos acomodamos en una parte m\u00e1s elevada de la quinta laguna (<em>laguna Cimera<\/em>), concretamente en el <em>Picurucho,<\/em> a unos 2200 metros. Toda una experiencia fotogr\u00e1fica y vital. Aqu\u00ed os muestro parte del reportaje. <\/p>\n\n\n\n<div style=\"height:20px\" aria-hidden=\"true\" class=\"wp-block-spacer\"><\/div>\n\n\n\n<figure class=\"wp-block-gallery has-nested-images columns-2 is-cropped wp-block-gallery-1 is-layout-flex wp-block-gallery-is-layout-flex\">\n<figure class=\"wp-block-image size-full\"><a href=\"https:\/\/urbefoto.com\/wp-content\/uploads\/2018\/11\/Alberto-y-Javi.jpg\"><img loading=\"lazy\" decoding=\"async\" width=\"1000\" height=\"667\" data-id=\"3605\" src=\"https:\/\/urbefoto.com\/wp-content\/uploads\/2018\/11\/Alberto-y-Javi.jpg\" alt=\"\" class=\"wp-image-3605\" srcset=\"https:\/\/urbefoto.com\/wp-content\/uploads\/2018\/11\/Alberto-y-Javi.jpg 1000w, https:\/\/urbefoto.com\/wp-content\/uploads\/2018\/11\/Alberto-y-Javi-200x133.jpg 200w, https:\/\/urbefoto.com\/wp-content\/uploads\/2018\/11\/Alberto-y-Javi-600x400.jpg 600w, https:\/\/urbefoto.com\/wp-content\/uploads\/2018\/11\/Alberto-y-Javi-768x512.jpg 768w, https:\/\/urbefoto.com\/wp-content\/uploads\/2018\/11\/Alberto-y-Javi-830x554.jpg 830w, https:\/\/urbefoto.com\/wp-content\/uploads\/2018\/11\/Alberto-y-Javi-675x450.jpg 675w\" sizes=\"auto, (max-width: 1000px) 100vw, 1000px\" \/><\/a><\/figure>\n\n\n\n<figure class=\"wp-block-image size-full\"><a href=\"https:\/\/urbefoto.com\/wp-content\/uploads\/2018\/11\/Gredos6.jpg\"><img loading=\"lazy\" decoding=\"async\" width=\"1000\" height=\"667\" data-id=\"3594\" src=\"https:\/\/urbefoto.com\/wp-content\/uploads\/2018\/11\/Gredos6.jpg\" alt=\"\" class=\"wp-image-3594\" srcset=\"https:\/\/urbefoto.com\/wp-content\/uploads\/2018\/11\/Gredos6.jpg 1000w, https:\/\/urbefoto.com\/wp-content\/uploads\/2018\/11\/Gredos6-200x133.jpg 200w, https:\/\/urbefoto.com\/wp-content\/uploads\/2018\/11\/Gredos6-600x400.jpg 600w, https:\/\/urbefoto.com\/wp-content\/uploads\/2018\/11\/Gredos6-768x512.jpg 768w, https:\/\/urbefoto.com\/wp-content\/uploads\/2018\/11\/Gredos6-830x554.jpg 830w, https:\/\/urbefoto.com\/wp-content\/uploads\/2018\/11\/Gredos6-675x450.jpg 675w\" sizes=\"auto, (max-width: 1000px) 100vw, 1000px\" \/><\/a><\/figure>\n\n\n\n<figure class=\"wp-block-image size-full\"><a href=\"https:\/\/urbefoto.com\/wp-content\/uploads\/2018\/11\/Alberto-y-Javi2.jpg\"><img loading=\"lazy\" decoding=\"async\" width=\"1000\" height=\"667\" data-id=\"3606\" src=\"https:\/\/urbefoto.com\/wp-content\/uploads\/2018\/11\/Alberto-y-Javi2.jpg\" alt=\"\" class=\"wp-image-3606\" srcset=\"https:\/\/urbefoto.com\/wp-content\/uploads\/2018\/11\/Alberto-y-Javi2.jpg 1000w, https:\/\/urbefoto.com\/wp-content\/uploads\/2018\/11\/Alberto-y-Javi2-200x133.jpg 200w, https:\/\/urbefoto.com\/wp-content\/uploads\/2018\/11\/Alberto-y-Javi2-600x400.jpg 600w, https:\/\/urbefoto.com\/wp-content\/uploads\/2018\/11\/Alberto-y-Javi2-768x512.jpg 768w, https:\/\/urbefoto.com\/wp-content\/uploads\/2018\/11\/Alberto-y-Javi2-830x554.jpg 830w, https:\/\/urbefoto.com\/wp-content\/uploads\/2018\/11\/Alberto-y-Javi2-675x450.jpg 675w\" sizes=\"auto, (max-width: 1000px) 100vw, 1000px\" \/><\/a><\/figure>\n\n\n\n<figure class=\"wp-block-image size-full\"><a href=\"https:\/\/urbefoto.com\/wp-content\/uploads\/2018\/11\/Gredos7.jpg\"><img loading=\"lazy\" decoding=\"async\" width=\"1000\" height=\"667\" data-id=\"3595\" src=\"https:\/\/urbefoto.com\/wp-content\/uploads\/2018\/11\/Gredos7.jpg\" alt=\"\" class=\"wp-image-3595\" srcset=\"https:\/\/urbefoto.com\/wp-content\/uploads\/2018\/11\/Gredos7.jpg 1000w, https:\/\/urbefoto.com\/wp-content\/uploads\/2018\/11\/Gredos7-200x133.jpg 200w, https:\/\/urbefoto.com\/wp-content\/uploads\/2018\/11\/Gredos7-600x400.jpg 600w, https:\/\/urbefoto.com\/wp-content\/uploads\/2018\/11\/Gredos7-768x512.jpg 768w, https:\/\/urbefoto.com\/wp-content\/uploads\/2018\/11\/Gredos7-830x554.jpg 830w, https:\/\/urbefoto.com\/wp-content\/uploads\/2018\/11\/Gredos7-675x450.jpg 675w\" sizes=\"auto, (max-width: 1000px) 100vw, 1000px\" \/><\/a><\/figure>\n\n\n\n<figure class=\"wp-block-image size-full\"><a href=\"https:\/\/urbefoto.com\/wp-content\/uploads\/2018\/11\/Gredos1.jpg\"><img loading=\"lazy\" decoding=\"async\" width=\"1000\" height=\"667\" data-id=\"3585\" src=\"https:\/\/urbefoto.com\/wp-content\/uploads\/2018\/11\/Gredos1.jpg\" alt=\"\" class=\"wp-image-3585\" srcset=\"https:\/\/urbefoto.com\/wp-content\/uploads\/2018\/11\/Gredos1.jpg 1000w, https:\/\/urbefoto.com\/wp-content\/uploads\/2018\/11\/Gredos1-200x133.jpg 200w, https:\/\/urbefoto.com\/wp-content\/uploads\/2018\/11\/Gredos1-600x400.jpg 600w, https:\/\/urbefoto.com\/wp-content\/uploads\/2018\/11\/Gredos1-768x512.jpg 768w, https:\/\/urbefoto.com\/wp-content\/uploads\/2018\/11\/Gredos1-830x554.jpg 830w, https:\/\/urbefoto.com\/wp-content\/uploads\/2018\/11\/Gredos1-675x450.jpg 675w\" sizes=\"auto, (max-width: 1000px) 100vw, 1000px\" \/><\/a><\/figure>\n\n\n\n<figure class=\"wp-block-image size-full\"><a href=\"https:\/\/urbefoto.com\/wp-content\/uploads\/2018\/11\/Gredos3.jpg\"><img loading=\"lazy\" decoding=\"async\" width=\"1000\" height=\"667\" data-id=\"3587\" src=\"https:\/\/urbefoto.com\/wp-content\/uploads\/2018\/11\/Gredos3.jpg\" alt=\"\" class=\"wp-image-3587\" srcset=\"https:\/\/urbefoto.com\/wp-content\/uploads\/2018\/11\/Gredos3.jpg 1000w, https:\/\/urbefoto.com\/wp-content\/uploads\/2018\/11\/Gredos3-200x133.jpg 200w, https:\/\/urbefoto.com\/wp-content\/uploads\/2018\/11\/Gredos3-600x400.jpg 600w, https:\/\/urbefoto.com\/wp-content\/uploads\/2018\/11\/Gredos3-768x512.jpg 768w, https:\/\/urbefoto.com\/wp-content\/uploads\/2018\/11\/Gredos3-830x554.jpg 830w, https:\/\/urbefoto.com\/wp-content\/uploads\/2018\/11\/Gredos3-675x450.jpg 675w\" sizes=\"auto, (max-width: 1000px) 100vw, 1000px\" \/><\/a><\/figure>\n\n\n\n<figure class=\"wp-block-image size-full\"><a href=\"https:\/\/urbefoto.com\/wp-content\/uploads\/2018\/11\/Gredos2.jpg\"><img loading=\"lazy\" decoding=\"async\" width=\"1000\" height=\"667\" data-id=\"3586\" src=\"https:\/\/urbefoto.com\/wp-content\/uploads\/2018\/11\/Gredos2.jpg\" alt=\"\" class=\"wp-image-3586\" srcset=\"https:\/\/urbefoto.com\/wp-content\/uploads\/2018\/11\/Gredos2.jpg 1000w, https:\/\/urbefoto.com\/wp-content\/uploads\/2018\/11\/Gredos2-200x133.jpg 200w, https:\/\/urbefoto.com\/wp-content\/uploads\/2018\/11\/Gredos2-600x400.jpg 600w, https:\/\/urbefoto.com\/wp-content\/uploads\/2018\/11\/Gredos2-768x512.jpg 768w, https:\/\/urbefoto.com\/wp-content\/uploads\/2018\/11\/Gredos2-830x554.jpg 830w, https:\/\/urbefoto.com\/wp-content\/uploads\/2018\/11\/Gredos2-675x450.jpg 675w\" sizes=\"auto, (max-width: 1000px) 100vw, 1000px\" \/><\/a><\/figure>\n\n\n\n<figure class=\"wp-block-image size-full\"><a href=\"https:\/\/urbefoto.com\/wp-content\/uploads\/2018\/11\/Gredos4.jpg\"><img loading=\"lazy\" decoding=\"async\" width=\"1000\" height=\"667\" data-id=\"3588\" src=\"https:\/\/urbefoto.com\/wp-content\/uploads\/2018\/11\/Gredos4.jpg\" alt=\"\" class=\"wp-image-3588\" srcset=\"https:\/\/urbefoto.com\/wp-content\/uploads\/2018\/11\/Gredos4.jpg 1000w, https:\/\/urbefoto.com\/wp-content\/uploads\/2018\/11\/Gredos4-200x133.jpg 200w, https:\/\/urbefoto.com\/wp-content\/uploads\/2018\/11\/Gredos4-600x400.jpg 600w, https:\/\/urbefoto.com\/wp-content\/uploads\/2018\/11\/Gredos4-768x512.jpg 768w, https:\/\/urbefoto.com\/wp-content\/uploads\/2018\/11\/Gredos4-830x554.jpg 830w, https:\/\/urbefoto.com\/wp-content\/uploads\/2018\/11\/Gredos4-675x450.jpg 675w\" sizes=\"auto, (max-width: 1000px) 100vw, 1000px\" \/><\/a><\/figure>\n\n\n\n<figure class=\"wp-block-image size-full\"><a href=\"https:\/\/urbefoto.com\/wp-content\/uploads\/2018\/11\/Alberto-y-Javi-1.jpg\"><img loading=\"lazy\" decoding=\"async\" width=\"1000\" height=\"667\" data-id=\"3625\" src=\"https:\/\/urbefoto.com\/wp-content\/uploads\/2018\/11\/Alberto-y-Javi-1.jpg\" alt=\"\" class=\"wp-image-3625\" srcset=\"https:\/\/urbefoto.com\/wp-content\/uploads\/2018\/11\/Alberto-y-Javi-1.jpg 1000w, https:\/\/urbefoto.com\/wp-content\/uploads\/2018\/11\/Alberto-y-Javi-1-200x133.jpg 200w, https:\/\/urbefoto.com\/wp-content\/uploads\/2018\/11\/Alberto-y-Javi-1-600x400.jpg 600w, https:\/\/urbefoto.com\/wp-content\/uploads\/2018\/11\/Alberto-y-Javi-1-768x512.jpg 768w, https:\/\/urbefoto.com\/wp-content\/uploads\/2018\/11\/Alberto-y-Javi-1-830x554.jpg 830w, https:\/\/urbefoto.com\/wp-content\/uploads\/2018\/11\/Alberto-y-Javi-1-675x450.jpg 675w\" sizes=\"auto, (max-width: 1000px) 100vw, 1000px\" \/><\/a><\/figure>\n\n\n\n<figure class=\"wp-block-image size-full\"><a href=\"https:\/\/urbefoto.com\/wp-content\/uploads\/2018\/11\/MG_3513.jpg\"><img loading=\"lazy\" decoding=\"async\" width=\"1000\" height=\"667\" data-id=\"3624\" src=\"https:\/\/urbefoto.com\/wp-content\/uploads\/2018\/11\/MG_3513.jpg\" alt=\"\" class=\"wp-image-3624\" srcset=\"https:\/\/urbefoto.com\/wp-content\/uploads\/2018\/11\/MG_3513.jpg 1000w, https:\/\/urbefoto.com\/wp-content\/uploads\/2018\/11\/MG_3513-200x133.jpg 200w, https:\/\/urbefoto.com\/wp-content\/uploads\/2018\/11\/MG_3513-600x400.jpg 600w, https:\/\/urbefoto.com\/wp-content\/uploads\/2018\/11\/MG_3513-768x512.jpg 768w, https:\/\/urbefoto.com\/wp-content\/uploads\/2018\/11\/MG_3513-830x554.jpg 830w, https:\/\/urbefoto.com\/wp-content\/uploads\/2018\/11\/MG_3513-675x450.jpg 675w\" sizes=\"auto, (max-width: 1000px) 100vw, 1000px\" \/><\/a><\/figure>\n\n\n\n<figure class=\"wp-block-image size-full\"><a href=\"https:\/\/urbefoto.com\/wp-content\/uploads\/2018\/11\/cabra.jpg\"><img loading=\"lazy\" decoding=\"async\" width=\"1000\" height=\"667\" data-id=\"3609\" src=\"https:\/\/urbefoto.com\/wp-content\/uploads\/2018\/11\/cabra.jpg\" alt=\"\" class=\"wp-image-3609\" srcset=\"https:\/\/urbefoto.com\/wp-content\/uploads\/2018\/11\/cabra.jpg 1000w, https:\/\/urbefoto.com\/wp-content\/uploads\/2018\/11\/cabra-200x133.jpg 200w, https:\/\/urbefoto.com\/wp-content\/uploads\/2018\/11\/cabra-600x400.jpg 600w, https:\/\/urbefoto.com\/wp-content\/uploads\/2018\/11\/cabra-768x512.jpg 768w, https:\/\/urbefoto.com\/wp-content\/uploads\/2018\/11\/cabra-830x554.jpg 830w, https:\/\/urbefoto.com\/wp-content\/uploads\/2018\/11\/cabra-675x450.jpg 675w\" sizes=\"auto, (max-width: 1000px) 100vw, 1000px\" \/><\/a><\/figure>\n\n\n\n<figure class=\"wp-block-image size-full\"><a href=\"https:\/\/urbefoto.com\/wp-content\/uploads\/2018\/11\/MG_3284-1.jpg\"><img loading=\"lazy\" decoding=\"async\" width=\"1000\" height=\"667\" data-id=\"3648\" src=\"https:\/\/urbefoto.com\/wp-content\/uploads\/2018\/11\/MG_3284-1.jpg\" alt=\"\" class=\"wp-image-3648\" srcset=\"https:\/\/urbefoto.com\/wp-content\/uploads\/2018\/11\/MG_3284-1.jpg 1000w, https:\/\/urbefoto.com\/wp-content\/uploads\/2018\/11\/MG_3284-1-200x133.jpg 200w, https:\/\/urbefoto.com\/wp-content\/uploads\/2018\/11\/MG_3284-1-600x400.jpg 600w, https:\/\/urbefoto.com\/wp-content\/uploads\/2018\/11\/MG_3284-1-768x512.jpg 768w, https:\/\/urbefoto.com\/wp-content\/uploads\/2018\/11\/MG_3284-1-830x554.jpg 830w, https:\/\/urbefoto.com\/wp-content\/uploads\/2018\/11\/MG_3284-1-675x450.jpg 675w\" sizes=\"auto, (max-width: 1000px) 100vw, 1000px\" \/><\/a><\/figure>\n\n\n\n<figure class=\"wp-block-image size-full\"><a href=\"https:\/\/urbefoto.com\/wp-content\/uploads\/2018\/11\/Alberto-y-Javi4.jpg\"><img loading=\"lazy\" decoding=\"async\" width=\"1440\" height=\"667\" data-id=\"3608\" src=\"https:\/\/urbefoto.com\/wp-content\/uploads\/2018\/11\/Alberto-y-Javi4.jpg\" alt=\"\" class=\"wp-image-3608\" srcset=\"https:\/\/urbefoto.com\/wp-content\/uploads\/2018\/11\/Alberto-y-Javi4.jpg 1440w, https:\/\/urbefoto.com\/wp-content\/uploads\/2018\/11\/Alberto-y-Javi4-200x93.jpg 200w, https:\/\/urbefoto.com\/wp-content\/uploads\/2018\/11\/Alberto-y-Javi4-600x278.jpg 600w, https:\/\/urbefoto.com\/wp-content\/uploads\/2018\/11\/Alberto-y-Javi4-768x356.jpg 768w, https:\/\/urbefoto.com\/wp-content\/uploads\/2018\/11\/Alberto-y-Javi4-1200x556.jpg 1200w, https:\/\/urbefoto.com\/wp-content\/uploads\/2018\/11\/Alberto-y-Javi4-830x384.jpg 830w, https:\/\/urbefoto.com\/wp-content\/uploads\/2018\/11\/Alberto-y-Javi4-972x450.jpg 972w\" sizes=\"auto, (max-width: 1440px) 100vw, 1440px\" \/><\/a><\/figure>\n\n\n\n<figure class=\"wp-block-image size-full\"><a href=\"https:\/\/urbefoto.com\/wp-content\/uploads\/2018\/11\/Estrellas.jpg\"><img loading=\"lazy\" decoding=\"async\" width=\"1000\" height=\"667\" data-id=\"3626\" src=\"https:\/\/urbefoto.com\/wp-content\/uploads\/2018\/11\/Estrellas.jpg\" alt=\"\" class=\"wp-image-3626\" srcset=\"https:\/\/urbefoto.com\/wp-content\/uploads\/2018\/11\/Estrellas.jpg 1000w, https:\/\/urbefoto.com\/wp-content\/uploads\/2018\/11\/Estrellas-200x133.jpg 200w, https:\/\/urbefoto.com\/wp-content\/uploads\/2018\/11\/Estrellas-600x400.jpg 600w, https:\/\/urbefoto.com\/wp-content\/uploads\/2018\/11\/Estrellas-768x512.jpg 768w, https:\/\/urbefoto.com\/wp-content\/uploads\/2018\/11\/Estrellas-830x554.jpg 830w, https:\/\/urbefoto.com\/wp-content\/uploads\/2018\/11\/Estrellas-675x450.jpg 675w\" sizes=\"auto, (max-width: 1000px) 100vw, 1000px\" \/><\/a><\/figure>\n\n\n\n<figure class=\"wp-block-image size-full\"><a href=\"https:\/\/urbefoto.com\/wp-content\/uploads\/2018\/11\/Quinta.jpg\"><img loading=\"lazy\" decoding=\"async\" width=\"1000\" height=\"506\" data-id=\"3602\" src=\"https:\/\/urbefoto.com\/wp-content\/uploads\/2018\/11\/Quinta.jpg\" alt=\"\" class=\"wp-image-3602\" srcset=\"https:\/\/urbefoto.com\/wp-content\/uploads\/2018\/11\/Quinta.jpg 1000w, https:\/\/urbefoto.com\/wp-content\/uploads\/2018\/11\/Quinta-200x101.jpg 200w, https:\/\/urbefoto.com\/wp-content\/uploads\/2018\/11\/Quinta-600x304.jpg 600w, https:\/\/urbefoto.com\/wp-content\/uploads\/2018\/11\/Quinta-768x389.jpg 768w, https:\/\/urbefoto.com\/wp-content\/uploads\/2018\/11\/Quinta-830x420.jpg 830w, https:\/\/urbefoto.com\/wp-content\/uploads\/2018\/11\/Quinta-889x450.jpg 889w\" sizes=\"auto, (max-width: 1000px) 100vw, 1000px\" \/><\/a><\/figure>\n\n\n\n<figure class=\"wp-block-image size-full\"><a href=\"https:\/\/urbefoto.com\/wp-content\/uploads\/2018\/11\/MG_3356.jpg\"><img loading=\"lazy\" decoding=\"async\" width=\"1000\" height=\"667\" data-id=\"3623\" src=\"https:\/\/urbefoto.com\/wp-content\/uploads\/2018\/11\/MG_3356.jpg\" alt=\"\" class=\"wp-image-3623\" srcset=\"https:\/\/urbefoto.com\/wp-content\/uploads\/2018\/11\/MG_3356.jpg 1000w, https:\/\/urbefoto.com\/wp-content\/uploads\/2018\/11\/MG_3356-200x133.jpg 200w, https:\/\/urbefoto.com\/wp-content\/uploads\/2018\/11\/MG_3356-600x400.jpg 600w, https:\/\/urbefoto.com\/wp-content\/uploads\/2018\/11\/MG_3356-768x512.jpg 768w, https:\/\/urbefoto.com\/wp-content\/uploads\/2018\/11\/MG_3356-830x554.jpg 830w, https:\/\/urbefoto.com\/wp-content\/uploads\/2018\/11\/MG_3356-675x450.jpg 675w\" sizes=\"auto, (max-width: 1000px) 100vw, 1000px\" \/><\/a><\/figure>\n\n\n\n<figure class=\"wp-block-image size-full\"><a href=\"https:\/\/urbefoto.com\/wp-content\/uploads\/2018\/11\/Gredos8.jpg\"><img loading=\"lazy\" decoding=\"async\" width=\"1000\" height=\"667\" data-id=\"3596\" src=\"https:\/\/urbefoto.com\/wp-content\/uploads\/2018\/11\/Gredos8.jpg\" alt=\"\" class=\"wp-image-3596\" srcset=\"https:\/\/urbefoto.com\/wp-content\/uploads\/2018\/11\/Gredos8.jpg 1000w, https:\/\/urbefoto.com\/wp-content\/uploads\/2018\/11\/Gredos8-200x133.jpg 200w, https:\/\/urbefoto.com\/wp-content\/uploads\/2018\/11\/Gredos8-600x400.jpg 600w, https:\/\/urbefoto.com\/wp-content\/uploads\/2018\/11\/Gredos8-768x512.jpg 768w, https:\/\/urbefoto.com\/wp-content\/uploads\/2018\/11\/Gredos8-830x554.jpg 830w, https:\/\/urbefoto.com\/wp-content\/uploads\/2018\/11\/Gredos8-675x450.jpg 675w\" sizes=\"auto, (max-width: 1000px) 100vw, 1000px\" \/><\/a><\/figure>\n\n\n\n<figure class=\"wp-block-image size-full\"><a href=\"https:\/\/urbefoto.com\/wp-content\/uploads\/2018\/11\/Gredos5.jpg\"><img loading=\"lazy\" decoding=\"async\" width=\"1000\" height=\"667\" data-id=\"3589\" src=\"https:\/\/urbefoto.com\/wp-content\/uploads\/2018\/11\/Gredos5.jpg\" alt=\"\" class=\"wp-image-3589\" srcset=\"https:\/\/urbefoto.com\/wp-content\/uploads\/2018\/11\/Gredos5.jpg 1000w, https:\/\/urbefoto.com\/wp-content\/uploads\/2018\/11\/Gredos5-200x133.jpg 200w, https:\/\/urbefoto.com\/wp-content\/uploads\/2018\/11\/Gredos5-600x400.jpg 600w, https:\/\/urbefoto.com\/wp-content\/uploads\/2018\/11\/Gredos5-768x512.jpg 768w, https:\/\/urbefoto.com\/wp-content\/uploads\/2018\/11\/Gredos5-830x554.jpg 830w, https:\/\/urbefoto.com\/wp-content\/uploads\/2018\/11\/Gredos5-675x450.jpg 675w\" sizes=\"auto, (max-width: 1000px) 100vw, 1000px\" \/><\/a><\/figure>\n<\/figure>\n\n\n\n<div style=\"height:40px\" aria-hidden=\"true\" class=\"wp-block-spacer\"><\/div>\n\n\n\n<p class=\"has-text-color has-background\" style=\"color:#777777;background-color:#ededed\">No se permite la reproducci\u00f3n, publicaci\u00f3n o reubicaci\u00f3n de ning\u00fan contenido de este sitio sin un permiso expreso previo por escrito. Por favor use el formulario de contacto para m\u00e1s informaci\u00f3n. <\/p>\n","protected":false},"excerpt":{"rendered":"<p>Part\u00ed con mis dos compa\u00f1eros fot\u00f3grafos, Alberto Prieto y Javier Casta\u00f1o de Navalperal de Tormes. Fue una ruta de casi 30 km que decidimos hacer en dos d\u00edas para poder pasar dos noches al raso. La primera noche hicimos vivac bajo el Risco del fraile, frente al circo de Gredos. La segunda noche nos acomodamos en una parte m\u00e1s elevada de la quinta laguna (laguna Cimera), concretamente en el Picurucho, a unos 2200 metros. Toda una experiencia fotogr\u00e1fica y vital. Aqu\u00ed os muestro parte del reportaje. No se permite la reproducci\u00f3n, publicaci\u00f3n o reubicaci\u00f3n de ning\u00fan contenido de este sitio sin un permiso expreso previo por escrito. Por favor use el formulario de contacto para m\u00e1s informaci\u00f3n.<\/p>\n","protected":false},"author":2,"featured_media":0,"parent":0,"menu_order":0,"comment_status":"closed","ping_status":"closed","template":"","meta":{"footnotes":""},"class_list":["post-3584","page","type-page","status-publish","hentry"],"_links":{"self":[{"href":"https:\/\/urbefoto.com\/index.php?rest_route=\/wp\/v2\/pages\/3584","targetHints":{"allow":["GET"]}}],"collection":[{"href":"https:\/\/urbefoto.com\/index.php?rest_route=\/wp\/v2\/pages"}],"about":[{"href":"https:\/\/urbefoto.com\/index.php?rest_route=\/wp\/v2\/types\/page"}],"author":[{"embeddable":true,"href":"https:\/\/urbefoto.com\/index.php?rest_route=\/wp\/v2\/users\/2"}],"replies":[{"embeddable":true,"href":"https:\/\/urbefoto.com\/index.php?rest_route=%2Fwp%2Fv2%2Fcomments&post=3584"}],"version-history":[{"count":31,"href":"https:\/\/urbefoto.com\/index.php?rest_route=\/wp\/v2\/pages\/3584\/revisions"}],"predecessor-version":[{"id":25408,"href":"https:\/\/urbefoto.com\/index.php?rest_route=\/wp\/v2\/pages\/3584\/revisions\/25408"}],"wp:attachment":[{"href":"https:\/\/urbefoto.com\/index.php?rest_route=%2Fwp%2Fv2%2Fmedia&parent=3584"}],"curies":[{"name":"wp","href":"https:\/\/api.w.org\/{rel}","templated":true}]}}